{"id":15,"date":"2017-07-04T09:29:01","date_gmt":"2017-07-04T07:29:01","guid":{"rendered":"http:\/\/www.autoescolasantfeliu.com\/?page_id=15"},"modified":"2021-10-14T21:54:11","modified_gmt":"2021-10-14T19:54:11","slug":"escola","status":"publish","type":"page","link":"https:\/\/www.autoescolasantfeliu.com\/es\/escola\/","title":{"rendered":"La Escuela"},"content":{"rendered":"\t\t<div data-elementor-type=\"wp-page\" data-elementor-id=\"15\" class=\"elementor elementor-15\" data-elementor-post-type=\"page\">\n\t\t\t\t\t\t<section class=\"elementor-section elementor-top-section elementor-element elementor-element-313fdf75 elementor-section-full_width elementor-section-height-default elementor-section-height-default\" data-id=\"313fdf75\" data-element_type=\"section\" data-e-type=\"section\">\n\t\t\t\t\t\t<div class=\"elementor-container elementor-column-gap-no\">\n\t\t\t\t\t<div class=\"elementor-column elementor-col-100 elementor-top-column elementor-element elementor-element-72dfe4ec\" data-id=\"72dfe4ec\" data-element_type=\"column\" data-e-type=\"column\">\n\t\t\t<div class=\"elementor-widget-wrap elementor-element-populated\">\n\t\t\t\t\t\t<div class=\"elementor-element elementor-element-7e63f32 elementor-widget elementor-widget-text-editor\" data-id=\"7e63f32\" data-element_type=\"widget\" data-e-type=\"widget\" data-widget_type=\"text-editor.default\">\n\t\t\t\t<div class=\"elementor-widget-container\">\n\t\t\t\t\t\t\t\t\t<h3>PROFESIONALES<\/h3>\r\n<p style=\"text-align: justify;\">El 21 de Marzo de 1983 abri\u00f3 las puertas por primera vez <strong>Autoescola Sant Feliu<\/strong>, con <strong>Albert Gallego<\/strong> al frente.<\/p>\r\n<p style=\"text-align: justify;\">Una autoescuela pionera en la ciudad, todo un referente que hoy en d\u00eda sigue repartiendo licencias bajo el cargo de una segunda generaci\u00f3n, Albert Gallego hijo.<\/p>\r\n<p style=\"text-align: justify;\">Personal docente formato en y para la educaci\u00f3n vial, con experiencia en el sector y a\u00fan m\u00e1s: con experiencia en saber tratar la gente.<\/p>\r\n<p style=\"text-align: justify;\">Nuestros alumnos no son n\u00fameros; son personas, con nombre y apellidos, historias e ilusiones. Ellos saben que nos importan y as\u00ed lo demuestran.<\/p>\r\n<p style=\"text-align: justify;\">En Autoescola Sant Feliu te sentir\u00e1s c\u00f3modo, te sentir\u00e1s bien y, adem\u00e1s, aprender\u00e1s a conducir.<\/p>\r\n\r\n<h3>INSTALACIONES<\/h3>\r\n<p style=\"text-align: justify;\">Nuestra escuela est\u00e1 equipada con una amplia aula multimedia con:<\/p>\r\n\r\n<ul style=\"text-align: justify;\">\r\n \t<li>Proyector para clases dirigidas y presenciales<\/li>\r\n \t<li>Ordenadores unipersonales para poder trabajar de manera individual<\/li>\r\n<\/ul>\r\n<p style=\"text-align: justify;\">Siempre facilitando al m\u00e1ximo el estudio al alumno:<\/p>\r\n\r\n<ul style=\"text-align: justify;\">\r\n \t<li>Clases amenas con casos pr\u00e1cticos reales<\/li>\r\n \t<li>Material audiovisual exclusivo, creado por nuestra propia autoescuela.<\/li>\r\n \t<li>Soporte personalizado de nuestro personal, que siempre se encuentra en el centro.<\/li>\r\n<\/ul>\r\n<p style=\"text-align: justify;\">Una peque\u00f1a gran escuela donde te sentir\u00e1s como en casa, con el trato personal que necesitas y el apoyo que mereces para emprender tu gran reto.<\/p>\t\t\t\t\t\t\t\t<\/div>\n\t\t\t\t<\/div>\n\t\t\t\t<div class=\"elementor-element elementor-element-b97884f elementor-widget elementor-widget-gallery\" data-id=\"b97884f\" data-element_type=\"widget\" data-e-type=\"widget\" data-settings=\"{&quot;columns&quot;:3,&quot;gap&quot;:{&quot;unit&quot;:&quot;px&quot;,&quot;size&quot;:5,&quot;sizes&quot;:[]},&quot;gallery_layout&quot;:&quot;grid&quot;,&quot;columns_tablet&quot;:2,&quot;columns_mobile&quot;:1,&quot;gap_tablet&quot;:{&quot;unit&quot;:&quot;px&quot;,&quot;size&quot;:10,&quot;sizes&quot;:[]},&quot;gap_mobile&quot;:{&quot;unit&quot;:&quot;px&quot;,&quot;size&quot;:10,&quot;sizes&quot;:[]},&quot;link_to&quot;:&quot;file&quot;,&quot;aspect_ratio&quot;:&quot;3:2&quot;,&quot;overlay_background&quot;:&quot;yes&quot;}\" data-widget_type=\"gallery.default\">\n\t\t\t\t<div class=\"elementor-widget-container\">\n\t\t\t\t\t\t\t<div class=\"elementor-gallery__container\">\n\t\t\t\t\t\t\t<a class=\"e-gallery-item elementor-gallery-item\" href=\"https:\/\/www.autoescolasantfeliu.com\/wp-content\/uploads\/2017\/09\/Instal\u00b7lacions-2.jpg\" data-elementor-open-lightbox=\"yes\" data-elementor-lightbox-slideshow=\"b97884f\" data-elementor-lightbox-title=\"Autoescola Sant Feliu | Sant Feliu de Gu\u00edxols\" data-e-action-hash=\"#elementor-action%3Aaction%3Dlightbox%26settings%3DeyJpZCI6NTMwLCJ1cmwiOiJodHRwczpcL1wvd3d3LmF1dG9lc2NvbGFzYW50ZmVsaXUuY29tXC93cC1jb250ZW50XC91cGxvYWRzXC8yMDE3XC8wOVwvSW5zdGFsXHUwMGI3bGFjaW9ucy0yLmpwZyIsInNsaWRlc2hvdyI6ImI5Nzg4NGYifQ%3D%3D\">\n\t\t\t\t\t<div class=\"e-gallery-image elementor-gallery-item__image\" data-thumbnail=\"https:\/\/www.autoescolasantfeliu.com\/wp-content\/uploads\/2017\/09\/Instal\u00b7lacions-2.jpg\" data-width=\"1200\" data-height=\"675\" aria-label=\"Autoescola Sant Feliu | Sant Feliu de Gu\u00edxols\" role=\"img\" ><\/div>\n\t\t\t\t\t\t\t\t\t\t\t<div class=\"elementor-gallery-item__overlay\"><\/div>\n\t\t\t\t\t\t\t\t\t\t\t\t\t\t<\/a>\n\t\t\t\t\t\t\t<a class=\"e-gallery-item elementor-gallery-item\" href=\"https:\/\/www.autoescolasantfeliu.com\/wp-content\/uploads\/2017\/09\/Instal\u00b7lacions-8.jpg\" data-elementor-open-lightbox=\"yes\" data-elementor-lightbox-slideshow=\"b97884f\" data-elementor-lightbox-title=\"Autoescola Sant Feliu | Sant Feliu de Gu\u00edxols\" data-e-action-hash=\"#elementor-action%3Aaction%3Dlightbox%26settings%3DeyJpZCI6NTM2LCJ1cmwiOiJodHRwczpcL1wvd3d3LmF1dG9lc2NvbGFzYW50ZmVsaXUuY29tXC93cC1jb250ZW50XC91cGxvYWRzXC8yMDE3XC8wOVwvSW5zdGFsXHUwMGI3bGFjaW9ucy04LmpwZyIsInNsaWRlc2hvdyI6ImI5Nzg4NGYifQ%3D%3D\">\n\t\t\t\t\t<div class=\"e-gallery-image elementor-gallery-item__image\" data-thumbnail=\"https:\/\/www.autoescolasantfeliu.com\/wp-content\/uploads\/2017\/09\/Instal\u00b7lacions-8.jpg\" data-width=\"1200\" data-height=\"675\" aria-label=\"Autoescola Sant Feliu | Sant Feliu de Gu\u00edxols\" role=\"img\" ><\/div>\n\t\t\t\t\t\t\t\t\t\t\t<div class=\"elementor-gallery-item__overlay\"><\/div>\n\t\t\t\t\t\t\t\t\t\t\t\t\t\t<\/a>\n\t\t\t\t\t\t\t<a class=\"e-gallery-item elementor-gallery-item\" href=\"https:\/\/www.autoescolasantfeliu.com\/wp-content\/uploads\/2017\/09\/Instal\u00b7lacions-7.jpg\" data-elementor-open-lightbox=\"yes\" data-elementor-lightbox-slideshow=\"b97884f\" data-elementor-lightbox-title=\"Autoescola Sant Feliu | Sant Feliu de Gu\u00edxols\" data-e-action-hash=\"#elementor-action%3Aaction%3Dlightbox%26settings%3DeyJpZCI6NTM1LCJ1cmwiOiJodHRwczpcL1wvd3d3LmF1dG9lc2NvbGFzYW50ZmVsaXUuY29tXC93cC1jb250ZW50XC91cGxvYWRzXC8yMDE3XC8wOVwvSW5zdGFsXHUwMGI3bGFjaW9ucy03LmpwZyIsInNsaWRlc2hvdyI6ImI5Nzg4NGYifQ%3D%3D\">\n\t\t\t\t\t<div class=\"e-gallery-image elementor-gallery-item__image\" data-thumbnail=\"https:\/\/www.autoescolasantfeliu.com\/wp-content\/uploads\/2017\/09\/Instal\u00b7lacions-7.jpg\" data-width=\"1200\" data-height=\"675\" aria-label=\"Autoescola Sant Feliu | Sant Feliu de Gu\u00edxols\" role=\"img\" ><\/div>\n\t\t\t\t\t\t\t\t\t\t\t<div class=\"elementor-gallery-item__overlay\"><\/div>\n\t\t\t\t\t\t\t\t\t\t\t\t\t\t<\/a>\n\t\t\t\t\t\t\t<a class=\"e-gallery-item elementor-gallery-item\" href=\"https:\/\/www.autoescolasantfeliu.com\/wp-content\/uploads\/2017\/09\/Instal\u00b7lacions-5.jpg\" data-elementor-open-lightbox=\"yes\" data-elementor-lightbox-slideshow=\"b97884f\" data-elementor-lightbox-title=\"Autoescola Sant Feliu | Sant Feliu de Gu\u00edxols\" data-e-action-hash=\"#elementor-action%3Aaction%3Dlightbox%26settings%3DeyJpZCI6NTMzLCJ1cmwiOiJodHRwczpcL1wvd3d3LmF1dG9lc2NvbGFzYW50ZmVsaXUuY29tXC93cC1jb250ZW50XC91cGxvYWRzXC8yMDE3XC8wOVwvSW5zdGFsXHUwMGI3bGFjaW9ucy01LmpwZyIsInNsaWRlc2hvdyI6ImI5Nzg4NGYifQ%3D%3D\">\n\t\t\t\t\t<div class=\"e-gallery-image elementor-gallery-item__image\" data-thumbnail=\"https:\/\/www.autoescolasantfeliu.com\/wp-content\/uploads\/2017\/09\/Instal\u00b7lacions-5.jpg\" data-width=\"1200\" data-height=\"675\" aria-label=\"Autoescola Sant Feliu | Sant Feliu de Gu\u00edxols\" role=\"img\" ><\/div>\n\t\t\t\t\t\t\t\t\t\t\t<div class=\"elementor-gallery-item__overlay\"><\/div>\n\t\t\t\t\t\t\t\t\t\t\t\t\t\t<\/a>\n\t\t\t\t\t\t\t<a class=\"e-gallery-item elementor-gallery-item\" href=\"https:\/\/www.autoescolasantfeliu.com\/wp-content\/uploads\/2017\/09\/Instal\u00b7lacions-4.jpg\" data-elementor-open-lightbox=\"yes\" data-elementor-lightbox-slideshow=\"b97884f\" data-elementor-lightbox-title=\"Autoescola Sant Feliu | Sant Feliu de Gu\u00edxols\" data-e-action-hash=\"#elementor-action%3Aaction%3Dlightbox%26settings%3DeyJpZCI6NTMyLCJ1cmwiOiJodHRwczpcL1wvd3d3LmF1dG9lc2NvbGFzYW50ZmVsaXUuY29tXC93cC1jb250ZW50XC91cGxvYWRzXC8yMDE3XC8wOVwvSW5zdGFsXHUwMGI3bGFjaW9ucy00LmpwZyIsInNsaWRlc2hvdyI6ImI5Nzg4NGYifQ%3D%3D\">\n\t\t\t\t\t<div class=\"e-gallery-image elementor-gallery-item__image\" data-thumbnail=\"https:\/\/www.autoescolasantfeliu.com\/wp-content\/uploads\/2017\/09\/Instal\u00b7lacions-4.jpg\" data-width=\"1200\" data-height=\"675\" aria-label=\"Autoescola Sant Feliu | Sant Feliu de Gu\u00edxols\" role=\"img\" ><\/div>\n\t\t\t\t\t\t\t\t\t\t\t<div class=\"elementor-gallery-item__overlay\"><\/div>\n\t\t\t\t\t\t\t\t\t\t\t\t\t\t<\/a>\n\t\t\t\t\t\t\t<a class=\"e-gallery-item elementor-gallery-item\" href=\"https:\/\/www.autoescolasantfeliu.com\/wp-content\/uploads\/2017\/09\/Instal\u00b7lacions-9.jpg\" data-elementor-open-lightbox=\"yes\" data-elementor-lightbox-slideshow=\"b97884f\" data-elementor-lightbox-title=\"Autoescola Sant Feliu | Sant Feliu de Gu\u00edxols\" data-e-action-hash=\"#elementor-action%3Aaction%3Dlightbox%26settings%3DeyJpZCI6NTM3LCJ1cmwiOiJodHRwczpcL1wvd3d3LmF1dG9lc2NvbGFzYW50ZmVsaXUuY29tXC93cC1jb250ZW50XC91cGxvYWRzXC8yMDE3XC8wOVwvSW5zdGFsXHUwMGI3bGFjaW9ucy05LmpwZyIsInNsaWRlc2hvdyI6ImI5Nzg4NGYifQ%3D%3D\">\n\t\t\t\t\t<div class=\"e-gallery-image elementor-gallery-item__image\" data-thumbnail=\"https:\/\/www.autoescolasantfeliu.com\/wp-content\/uploads\/2017\/09\/Instal\u00b7lacions-9.jpg\" data-width=\"1200\" data-height=\"675\" aria-label=\"Autoescola Sant Feliu | Sant Feliu de Gu\u00edxols\" role=\"img\" ><\/div>\n\t\t\t\t\t\t\t\t\t\t\t<div class=\"elementor-gallery-item__overlay\"><\/div>\n\t\t\t\t\t\t\t\t\t\t\t\t\t\t<\/a>\n\t\t\t\t\t\t\t<a class=\"e-gallery-item elementor-gallery-item\" href=\"https:\/\/www.autoescolasantfeliu.com\/wp-content\/uploads\/2017\/09\/Instal\u00b7lacions-10.jpg\" data-elementor-open-lightbox=\"yes\" data-elementor-lightbox-slideshow=\"b97884f\" data-elementor-lightbox-title=\"Autoescola Sant Feliu | Sant Feliu de Gu\u00edxols\" data-e-action-hash=\"#elementor-action%3Aaction%3Dlightbox%26settings%3DeyJpZCI6NTM4LCJ1cmwiOiJodHRwczpcL1wvd3d3LmF1dG9lc2NvbGFzYW50ZmVsaXUuY29tXC93cC1jb250ZW50XC91cGxvYWRzXC8yMDE3XC8wOVwvSW5zdGFsXHUwMGI3bGFjaW9ucy0xMC5qcGciLCJzbGlkZXNob3ciOiJiOTc4ODRmIn0%3D\">\n\t\t\t\t\t<div class=\"e-gallery-image elementor-gallery-item__image\" data-thumbnail=\"https:\/\/www.autoescolasantfeliu.com\/wp-content\/uploads\/2017\/09\/Instal\u00b7lacions-10.jpg\" data-width=\"1200\" data-height=\"675\" aria-label=\"Autoescola Sant Feliu | Sant Feliu de Gu\u00edxols\" role=\"img\" ><\/div>\n\t\t\t\t\t\t\t\t\t\t\t<div class=\"elementor-gallery-item__overlay\"><\/div>\n\t\t\t\t\t\t\t\t\t\t\t\t\t\t<\/a>\n\t\t\t\t\t\t\t<a class=\"e-gallery-item elementor-gallery-item\" href=\"https:\/\/www.autoescolasantfeliu.com\/wp-content\/uploads\/2017\/09\/Instal\u00b7lacions-6.jpg\" data-elementor-open-lightbox=\"yes\" data-elementor-lightbox-slideshow=\"b97884f\" data-elementor-lightbox-title=\"Autoescola Sant Feliu | Sant Feliu de Gu\u00edxols\" data-e-action-hash=\"#elementor-action%3Aaction%3Dlightbox%26settings%3DeyJpZCI6NTM0LCJ1cmwiOiJodHRwczpcL1wvd3d3LmF1dG9lc2NvbGFzYW50ZmVsaXUuY29tXC93cC1jb250ZW50XC91cGxvYWRzXC8yMDE3XC8wOVwvSW5zdGFsXHUwMGI3bGFjaW9ucy02LmpwZyIsInNsaWRlc2hvdyI6ImI5Nzg4NGYifQ%3D%3D\">\n\t\t\t\t\t<div class=\"e-gallery-image elementor-gallery-item__image\" data-thumbnail=\"https:\/\/www.autoescolasantfeliu.com\/wp-content\/uploads\/2017\/09\/Instal\u00b7lacions-6.jpg\" data-width=\"1200\" data-height=\"675\" aria-label=\"Autoescola Sant Feliu | Sant Feliu de Gu\u00edxols\" role=\"img\" ><\/div>\n\t\t\t\t\t\t\t\t\t\t\t<div class=\"elementor-gallery-item__overlay\"><\/div>\n\t\t\t\t\t\t\t\t\t\t\t\t\t\t<\/a>\n\t\t\t\t\t\t\t<a class=\"e-gallery-item elementor-gallery-item\" href=\"https:\/\/www.autoescolasantfeliu.com\/wp-content\/uploads\/2017\/09\/Instal\u00b7lacions-3.jpg\" data-elementor-open-lightbox=\"yes\" data-elementor-lightbox-slideshow=\"b97884f\" data-elementor-lightbox-title=\"Autoescola Sant Feliu | Sant Feliu de Gu\u00edxols\" data-e-action-hash=\"#elementor-action%3Aaction%3Dlightbox%26settings%3DeyJpZCI6NTMxLCJ1cmwiOiJodHRwczpcL1wvd3d3LmF1dG9lc2NvbGFzYW50ZmVsaXUuY29tXC93cC1jb250ZW50XC91cGxvYWRzXC8yMDE3XC8wOVwvSW5zdGFsXHUwMGI3bGFjaW9ucy0zLmpwZyIsInNsaWRlc2hvdyI6ImI5Nzg4NGYifQ%3D%3D\">\n\t\t\t\t\t<div class=\"e-gallery-image elementor-gallery-item__image\" data-thumbnail=\"https:\/\/www.autoescolasantfeliu.com\/wp-content\/uploads\/2017\/09\/Instal\u00b7lacions-3.jpg\" data-width=\"1200\" data-height=\"675\" aria-label=\"Autoescola Sant Feliu | Sant Feliu de Gu\u00edxols\" role=\"img\" ><\/div>\n\t\t\t\t\t\t\t\t\t\t\t<div class=\"elementor-gallery-item__overlay\"><\/div>\n\t\t\t\t\t\t\t\t\t\t\t\t\t\t<\/a>\n\t\t\t\t\t<\/div>\n\t\t\t\t\t<\/div>\n\t\t\t\t<\/div>\n\t\t\t\t\t<\/div>\n\t\t<\/div>\n\t\t\t\t\t<\/div>\n\t\t<\/section>\n\t\t\t\t<\/div>\n\t\t","protected":false},"excerpt":{"rendered":"<p>PROFESIONALES El 21 de Marzo de 1983 abri\u00f3 las puertas por primera vez Autoescola Sant Feliu, con Albert Gallego al frente. Una autoescuela pionera en la ciudad, todo un referente que hoy en d\u00eda sigue repartiendo licencias bajo el cargo de una segunda generaci\u00f3n, Albert Gallego hijo. Personal docente formato en y para la educaci\u00f3n<br \/><a class=\"moretag\" href=\"https:\/\/www.autoescolasantfeliu.com\/es\/escola\/\">+ Read More<\/a><\/p>\n","protected":false},"author":1,"featured_media":978,"parent":0,"menu_order":0,"comment_status":"closed","ping_status":"closed","template":"templates\/page-nosidebar_template.php","meta":{"footnotes":""},"class_list":["post-15","page","type-page","status-publish","has-post-thumbnail","hentry"],"yoast_head":"<!-- This site is optimized with the Yoast SEO plugin v27.4 - https:\/\/yoast.com\/product\/yoast-seo-wordpress\/ -->\n<title>La Escuela - Autoescola Sant Feliu<\/title>\n<meta name=\"robots\" content=\"index, follow, max-snippet:-1, max-image-preview:large, max-video-preview:-1\" \/>\n<link rel=\"canonical\" href=\"https:\/\/www.autoescolasantfeliu.com\/es\/escola\/\" \/>\n<meta property=\"og:locale\" content=\"es_ES\" \/>\n<meta property=\"og:type\" content=\"article\" \/>\n<meta property=\"og:title\" content=\"[:ca]L&#039;Escola[:es]La Escuela[:] - Autoescola Sant Feliu\" \/>\n<meta property=\"og:description\" content=\"PROFESIONALES El 21 de Marzo de 1983 abri\u00f3 las puertas por primera vez Autoescola Sant Feliu, con Albert Gallego al frente. Una autoescuela pionera en la ciudad, todo un referente que hoy en d\u00eda sigue repartiendo licencias bajo el cargo de una segunda generaci\u00f3n, Albert Gallego hijo. Personal docente formato en y para la educaci\u00f3n+ Read More\" \/>\n<meta property=\"og:url\" content=\"https:\/\/www.autoescolasantfeliu.com\/es\/escola\/\" \/>\n<meta property=\"og:site_name\" content=\"Autoescola Sant Feliu\" \/>\n<meta property=\"article:publisher\" content=\"https:\/\/www.facebook.com\/autoescolastfeliu\/?ref=br_rs\" \/>\n<meta property=\"article:modified_time\" content=\"2021-10-14T19:54:11+00:00\" \/>\n<meta property=\"og:image\" content=\"https:\/\/www.autoescolasantfeliu.com\/wp-content\/uploads\/2018\/11\/Escola-H-.jpg\" \/>\n\t<meta property=\"og:image:width\" content=\"1400\" \/>\n\t<meta property=\"og:image:height\" content=\"400\" \/>\n\t<meta property=\"og:image:type\" content=\"image\/jpeg\" \/>\n<meta name=\"twitter:card\" content=\"summary_large_image\" \/>\n<meta name=\"twitter:label1\" content=\"Tiempo de lectura\" \/>\n\t<meta name=\"twitter:data1\" content=\"2 minutos\" \/>\n<script type=\"application\/ld+json\" class=\"yoast-schema-graph\">{\"@context\":\"https:\\\/\\\/schema.org\",\"@graph\":[{\"@type\":\"WebPage\",\"@id\":\"https:\\\/\\\/www.autoescolasantfeliu.com\\\/es\\\/escola\\\/\",\"url\":\"https:\\\/\\\/www.autoescolasantfeliu.com\\\/es\\\/escola\\\/\",\"name\":\"[:ca]L'Escola[:es]La Escuela[:] - Autoescola Sant Feliu\",\"isPartOf\":{\"@id\":\"https:\\\/\\\/www.autoescolasantfeliu.com\\\/#website\"},\"primaryImageOfPage\":{\"@id\":\"https:\\\/\\\/www.autoescolasantfeliu.com\\\/es\\\/escola\\\/#primaryimage\"},\"image\":{\"@id\":\"https:\\\/\\\/www.autoescolasantfeliu.com\\\/es\\\/escola\\\/#primaryimage\"},\"thumbnailUrl\":\"https:\\\/\\\/www.autoescolasantfeliu.com\\\/wp-content\\\/uploads\\\/2018\\\/11\\\/Escola-H-.jpg\",\"datePublished\":\"2017-07-04T07:29:01+00:00\",\"dateModified\":\"2021-10-14T19:54:11+00:00\",\"breadcrumb\":{\"@id\":\"https:\\\/\\\/www.autoescolasantfeliu.com\\\/es\\\/escola\\\/#breadcrumb\"},\"inLanguage\":\"es\",\"potentialAction\":[{\"@type\":\"ReadAction\",\"target\":[\"https:\\\/\\\/www.autoescolasantfeliu.com\\\/es\\\/escola\\\/\"]}]},{\"@type\":\"ImageObject\",\"inLanguage\":\"es\",\"@id\":\"https:\\\/\\\/www.autoescolasantfeliu.com\\\/es\\\/escola\\\/#primaryimage\",\"url\":\"https:\\\/\\\/www.autoescolasantfeliu.com\\\/wp-content\\\/uploads\\\/2018\\\/11\\\/Escola-H-.jpg\",\"contentUrl\":\"https:\\\/\\\/www.autoescolasantfeliu.com\\\/wp-content\\\/uploads\\\/2018\\\/11\\\/Escola-H-.jpg\",\"width\":1400,\"height\":400,\"caption\":\"Autoescola Sant Feliu | Sant Feliu de Gu\u00edxols\"},{\"@type\":\"BreadcrumbList\",\"@id\":\"https:\\\/\\\/www.autoescolasantfeliu.com\\\/es\\\/escola\\\/#breadcrumb\",\"itemListElement\":[{\"@type\":\"ListItem\",\"position\":1,\"name\":\"Portada\",\"item\":\"https:\\\/\\\/www.autoescolasantfeliu.com\\\/\"},{\"@type\":\"ListItem\",\"position\":2,\"name\":\"La Escuela\"}]},{\"@type\":\"WebSite\",\"@id\":\"https:\\\/\\\/www.autoescolasantfeliu.com\\\/#website\",\"url\":\"https:\\\/\\\/www.autoescolasantfeliu.com\\\/\",\"name\":\"Autoescola Sant Feliu\",\"description\":\"Autoescola Sant Feliu\",\"publisher\":{\"@id\":\"https:\\\/\\\/www.autoescolasantfeliu.com\\\/#organization\"},\"potentialAction\":[{\"@type\":\"SearchAction\",\"target\":{\"@type\":\"EntryPoint\",\"urlTemplate\":\"https:\\\/\\\/www.autoescolasantfeliu.com\\\/?s={search_term_string}\"},\"query-input\":{\"@type\":\"PropertyValueSpecification\",\"valueRequired\":true,\"valueName\":\"search_term_string\"}}],\"inLanguage\":\"es\"},{\"@type\":\"Organization\",\"@id\":\"https:\\\/\\\/www.autoescolasantfeliu.com\\\/#organization\",\"name\":\"Autoescola Sant Feliu\",\"url\":\"https:\\\/\\\/www.autoescolasantfeliu.com\\\/\",\"logo\":{\"@type\":\"ImageObject\",\"inLanguage\":\"es\",\"@id\":\"https:\\\/\\\/www.autoescolasantfeliu.com\\\/#\\\/schema\\\/logo\\\/image\\\/\",\"url\":\"https:\\\/\\\/www.autoescolasantfeliu.com\\\/wp-content\\\/uploads\\\/2018\\\/11\\\/Autoescola-Sant-Feliu-Logo.png\",\"contentUrl\":\"https:\\\/\\\/www.autoescolasantfeliu.com\\\/wp-content\\\/uploads\\\/2018\\\/11\\\/Autoescola-Sant-Feliu-Logo.png\",\"width\":450,\"height\":65,\"caption\":\"Autoescola Sant Feliu\"},\"image\":{\"@id\":\"https:\\\/\\\/www.autoescolasantfeliu.com\\\/#\\\/schema\\\/logo\\\/image\\\/\"},\"sameAs\":[\"https:\\\/\\\/www.facebook.com\\\/autoescolastfeliu\\\/?ref=br_rs\",\"https:\\\/\\\/www.instagram.com\\\/autoescolasantfeliuaesf\\\/\"]}]}<\/script>\n<!-- \/ Yoast SEO plugin. -->","yoast_head_json":{"title":"[:ca]L'Escola[:es]La Escuela[:] - Autoescola Sant Feliu","robots":{"index":"index","follow":"follow","max-snippet":"max-snippet:-1","max-image-preview":"max-image-preview:large","max-video-preview":"max-video-preview:-1"},"canonical":"https:\/\/www.autoescolasantfeliu.com\/es\/escola\/","og_locale":"es_ES","og_type":"article","og_title":"[:ca]L'Escola[:es]La Escuela[:] - Autoescola Sant Feliu","og_description":"PROFESIONALES El 21 de Marzo de 1983 abri\u00f3 las puertas por primera vez Autoescola Sant Feliu, con Albert Gallego al frente. Una autoescuela pionera en la ciudad, todo un referente que hoy en d\u00eda sigue repartiendo licencias bajo el cargo de una segunda generaci\u00f3n, Albert Gallego hijo. Personal docente formato en y para la educaci\u00f3n+ Read More","og_url":"https:\/\/www.autoescolasantfeliu.com\/es\/escola\/","og_site_name":"Autoescola Sant Feliu","article_publisher":"https:\/\/www.facebook.com\/autoescolastfeliu\/?ref=br_rs","article_modified_time":"2021-10-14T19:54:11+00:00","og_image":[{"width":1400,"height":400,"url":"https:\/\/www.autoescolasantfeliu.com\/wp-content\/uploads\/2018\/11\/Escola-H-.jpg","type":"image\/jpeg"}],"twitter_card":"summary_large_image","twitter_misc":{"Tiempo de lectura":"2 minutos"},"schema":{"@context":"https:\/\/schema.org","@graph":[{"@type":"WebPage","@id":"https:\/\/www.autoescolasantfeliu.com\/es\/escola\/","url":"https:\/\/www.autoescolasantfeliu.com\/es\/escola\/","name":"[:ca]L'Escola[:es]La Escuela[:] - Autoescola Sant Feliu","isPartOf":{"@id":"https:\/\/www.autoescolasantfeliu.com\/#website"},"primaryImageOfPage":{"@id":"https:\/\/www.autoescolasantfeliu.com\/es\/escola\/#primaryimage"},"image":{"@id":"https:\/\/www.autoescolasantfeliu.com\/es\/escola\/#primaryimage"},"thumbnailUrl":"https:\/\/www.autoescolasantfeliu.com\/wp-content\/uploads\/2018\/11\/Escola-H-.jpg","datePublished":"2017-07-04T07:29:01+00:00","dateModified":"2021-10-14T19:54:11+00:00","breadcrumb":{"@id":"https:\/\/www.autoescolasantfeliu.com\/es\/escola\/#breadcrumb"},"inLanguage":"es","potentialAction":[{"@type":"ReadAction","target":["https:\/\/www.autoescolasantfeliu.com\/es\/escola\/"]}]},{"@type":"ImageObject","inLanguage":"es","@id":"https:\/\/www.autoescolasantfeliu.com\/es\/escola\/#primaryimage","url":"https:\/\/www.autoescolasantfeliu.com\/wp-content\/uploads\/2018\/11\/Escola-H-.jpg","contentUrl":"https:\/\/www.autoescolasantfeliu.com\/wp-content\/uploads\/2018\/11\/Escola-H-.jpg","width":1400,"height":400,"caption":"Autoescola Sant Feliu | Sant Feliu de Gu\u00edxols"},{"@type":"BreadcrumbList","@id":"https:\/\/www.autoescolasantfeliu.com\/es\/escola\/#breadcrumb","itemListElement":[{"@type":"ListItem","position":1,"name":"Portada","item":"https:\/\/www.autoescolasantfeliu.com\/"},{"@type":"ListItem","position":2,"name":"La Escuela"}]},{"@type":"WebSite","@id":"https:\/\/www.autoescolasantfeliu.com\/#website","url":"https:\/\/www.autoescolasantfeliu.com\/","name":"Autoescola Sant Feliu","description":"Autoescola Sant Feliu","publisher":{"@id":"https:\/\/www.autoescolasantfeliu.com\/#organization"},"potentialAction":[{"@type":"SearchAction","target":{"@type":"EntryPoint","urlTemplate":"https:\/\/www.autoescolasantfeliu.com\/?s={search_term_string}"},"query-input":{"@type":"PropertyValueSpecification","valueRequired":true,"valueName":"search_term_string"}}],"inLanguage":"es"},{"@type":"Organization","@id":"https:\/\/www.autoescolasantfeliu.com\/#organization","name":"Autoescola Sant Feliu","url":"https:\/\/www.autoescolasantfeliu.com\/","logo":{"@type":"ImageObject","inLanguage":"es","@id":"https:\/\/www.autoescolasantfeliu.com\/#\/schema\/logo\/image\/","url":"https:\/\/www.autoescolasantfeliu.com\/wp-content\/uploads\/2018\/11\/Autoescola-Sant-Feliu-Logo.png","contentUrl":"https:\/\/www.autoescolasantfeliu.com\/wp-content\/uploads\/2018\/11\/Autoescola-Sant-Feliu-Logo.png","width":450,"height":65,"caption":"Autoescola Sant Feliu"},"image":{"@id":"https:\/\/www.autoescolasantfeliu.com\/#\/schema\/logo\/image\/"},"sameAs":["https:\/\/www.facebook.com\/autoescolastfeliu\/?ref=br_rs","https:\/\/www.instagram.com\/autoescolasantfeliuaesf\/"]}]}},"_links":{"self":[{"href":"https:\/\/www.autoescolasantfeliu.com\/es\/wp-json\/wp\/v2\/pages\/15","targetHints":{"allow":["GET"]}}],"collection":[{"href":"https:\/\/www.autoescolasantfeliu.com\/es\/wp-json\/wp\/v2\/pages"}],"about":[{"href":"https:\/\/www.autoescolasantfeliu.com\/es\/wp-json\/wp\/v2\/types\/page"}],"author":[{"embeddable":true,"href":"https:\/\/www.autoescolasantfeliu.com\/es\/wp-json\/wp\/v2\/users\/1"}],"replies":[{"embeddable":true,"href":"https:\/\/www.autoescolasantfeliu.com\/es\/wp-json\/wp\/v2\/comments?post=15"}],"version-history":[{"count":0,"href":"https:\/\/www.autoescolasantfeliu.com\/es\/wp-json\/wp\/v2\/pages\/15\/revisions"}],"wp:featuredmedia":[{"embeddable":true,"href":"https:\/\/www.autoescolasantfeliu.com\/es\/wp-json\/wp\/v2\/media\/978"}],"wp:attachment":[{"href":"https:\/\/www.autoescolasantfeliu.com\/es\/wp-json\/wp\/v2\/media?parent=15"}],"curies":[{"name":"wp","href":"https:\/\/api.w.org\/{rel}","templated":true}]}}